{"id":503,"date":"2024-07-18T10:04:55","date_gmt":"2024-07-18T08:04:55","guid":{"rendered":"http:\/\/lescheminsdumontsaintmichel.com\/?page_id=503"},"modified":"2026-03-20T23:46:13","modified_gmt":"2026-03-20T22:46:13","slug":"les-chemins-du-mont-st-michel","status":"publish","type":"page","link":"https:\/\/lescheminsdumontsaintmichel.com\/de\/","title":{"rendered":"Die Wege des Mont St Michel"},"content":{"rendered":"\n[et_pb_section fb_built=\u00a0\u00bb1&Prime; _builder_version=\u00a0\u00bb4.27.2&Prime; _module_preset=\u00a0\u00bbdefault\u00a0\u00bb background_color=\u00a0\u00bb#D6D4C8&Prime; custom_margin=\u00a0\u00bb0px||0px||true|false\u00a0\u00bb custom_padding=\u00a0\u00bb15px||15px||true|false\u00a0\u00bb global_colors_info=\u00a0\u00bb{}\u00a0\u00bb][et_pb_row _builder_version=\u00a0\u00bb4.27.2&Prime; _module_preset=\u00a0\u00bbdefault\u00a0\u00bb custom_padding=\u00a0\u00bb0px||0px||true|false\u00a0\u00bb global_colors_info=\u00a0\u00bb{}\u00a0\u00bb][et_pb_column type=\u00a0\u00bb4_4&Prime; _builder_version=\u00a0\u00bb4.27.2&Prime; _module_preset=\u00a0\u00bbdefault\u00a0\u00bb global_colors_info=\u00a0\u00bb{}\u00a0\u00bb][et_pb_text _builder_version=\u00a0\u00bb4.27.2&Prime; _module_preset=\u00a0\u00bbdefault\u00a0\u00bb header_font=\u00a0\u00bb|700|||||||\u00a0\u00bb header_font_size=\u00a0\u00bb50px\u00a0\u00bb header_font_size_tablet=\u00a0\u00bb50px\u00a0\u00bb header_font_size_phone=\u00a0\u00bb18px\u00a0\u00bb header_font_size_last_edited=\u00a0\u00bbon|phone\u00a0\u00bb global_colors_info=\u00a0\u00bb{}\u00a0\u00bb]<h1 style=\"text-align: center;\">Les Chemins du Mont-Saint-Michel<\/h1>[\/et_pb_text][\/et_pb_column][\/et_pb_row][\/et_pb_section][et_pb_section fb_built=\u00a0\u00bb1&Prime; fullwidth=\u00a0\u00bbon\u00a0\u00bb _builder_version=\u00a0\u00bb4.27.2&Prime; _module_preset=\u00a0\u00bbdefault\u00a0\u00bb global_colors_info=\u00a0\u00bb{}\u00a0\u00bb][et_pb_fullwidth_image title_text=\u00a0\u00bbSaint-Jean-le-Thomas &#8211; Vers le Mont (1)\u00a0\u00bb _builder_version=\u00a0\u00bb4.27.2&Prime; _module_preset=\u00a0\u00bbdefault\u00a0\u00bb background_image=\u00a0\u00bbhttps:\/\/lescheminsdumontsaintmichel.com\/wp-content\/uploads\/2024\/10\/Saint-Jean-le-Thomas-Vers-le-Mont-1.jpg\u00a0\u00bb min_height=\u00a0\u00bb555px\u00a0\u00bb global_colors_info=\u00a0\u00bb{}\u00a0\u00bb][\/et_pb_fullwidth_image][\/et_pb_section][et_pb_section fb_built=\u00a0\u00bb1&Prime; _builder_version=\u00a0\u00bb4.27.2&Prime; _module_preset=\u00a0\u00bbdefault\u00a0\u00bb global_colors_info=\u00a0\u00bb{}\u00a0\u00bb][et_pb_row _builder_version=\u00a0\u00bb4.27.2&Prime; _module_preset=\u00a0\u00bbdefault\u00a0\u00bb global_colors_info=\u00a0\u00bb{}\u00a0\u00bb][et_pb_column type=\u00a0\u00bb4_4&Prime; _builder_version=\u00a0\u00bb4.27.2&Prime; _module_preset=\u00a0\u00bbdefault\u00a0\u00bb global_colors_info=\u00a0\u00bb{}\u00a0\u00bb][et_pb_text _builder_version=\u00a0\u00bb4.27.2&Prime; _module_preset=\u00a0\u00bbdefault\u00a0\u00bb global_colors_info=\u00a0\u00bb{}\u00a0\u00bb]<p>L\u2019association \u00ab Les Chemins du Mont-Saint-Michel \u00bb, cr\u00e9\u00e9e en 1998, se consacre \u00e0 red\u00e9couvrir, r\u00e9habiliter et valoriser les anciens chemins de p\u00e8lerinage menant au c\u00e9l\u00e8bre sanctuaire normand d\u00e9di\u00e9 \u00e0 l&rsquo;archange saint Michel.<\/p>\n<p>Gr\u00e2ce \u00e0 ses recensements, l\u2019association \u00e9tend le r\u00e9seau des chemins de Saint-Michel \u00e0 plusieurs pays europ\u00e9ens et renoue les liens historiques entre le Mont-Saint-Michel et les grands sites europ\u00e9ens consacr\u00e9s \u00e0 l\u2019Archange Michel, en traversant les territoires marqu\u00e9s par ces itin\u00e9raires l\u00e9gendaires.<\/p>[\/et_pb_text][\/et_pb_column][\/et_pb_row][et_pb_row _builder_version=\u00a0\u00bb4.27.4&Prime; _module_preset=\u00a0\u00bbdefault\u00a0\u00bb global_colors_info=\u00a0\u00bb{}\u00a0\u00bb][et_pb_column type=\u00a0\u00bb4_4&Prime; _builder_version=\u00a0\u00bb4.27.4&Prime; _module_preset=\u00a0\u00bbdefault\u00a0\u00bb global_colors_info=\u00a0\u00bb{}\u00a0\u00bb][et_pb_text _builder_version=\u00a0\u00bb4.27.4&Prime; _module_preset=\u00a0\u00bbdefault\u00a0\u00bb global_colors_info=\u00a0\u00bb{}\u00a0\u00bb]<h3>Rechercher un contenu sur le site<\/h3>[\/et_pb_text][et_pb_search button_color=\u00a0\u00bb#D6D4C8&Prime; _builder_version=\u00a0\u00bb4.27.4&Prime; _module_preset=\u00a0\u00bbdefault\u00a0\u00bb button_font=\u00a0\u00bb|600|||||||\u00a0\u00bb global_colors_info=\u00a0\u00bb{}\u00a0\u00bb][\/et_pb_search][\/et_pb_column][\/et_pb_row][\/et_pb_section][et_pb_section fb_built=\u00a0\u00bb1&Prime; _builder_version=\u00a0\u00bb4.27.4&Prime; _module_preset=\u00a0\u00bbdefault\u00a0\u00bb custom_padding=\u00a0\u00bb3px|||||\u00a0\u00bb global_colors_info=\u00a0\u00bb{}\u00a0\u00bb global_module=\u00a0\u00bb2588&Prime; theme_builder_area=\u00a0\u00bbpost_content\u00a0\u00bb][et_pb_row _builder_version=\u00a0\u00bb4.27.5&Prime; _module_preset=\u00a0\u00bbdefault\u00a0\u00bb width=\u00a0\u00bb100%\u00a0\u00bb max_width=\u00a0\u00bb100%\u00a0\u00bb global_colors_info=\u00a0\u00bb{}\u00a0\u00bb theme_builder_area=\u00a0\u00bbpost_content\u00a0\u00bb][et_pb_column type=\u00a0\u00bb4_4&Prime; _builder_version=\u00a0\u00bb4.27.4&Prime; _module_preset=\u00a0\u00bbdefault\u00a0\u00bb global_colors_info=\u00a0\u00bb{}\u00a0\u00bb theme_builder_area=\u00a0\u00bbpost_content\u00a0\u00bb][dsm_image_hotspots src=\u00a0\u00bbhttps:\/\/lescheminsdumontsaintmichel.com\/wp-content\/uploads\/2025\/07\/2025-CarteFrance_CheminsduMont-DEFINITIVE-scaled.jpg\u00a0\u00bb alt=\u00a0\u00bbcarte\u00a0\u00bb icon_font_size=\u00a0\u00bb18px\u00a0\u00bb _builder_version=\u00a0\u00bb4.27.5&Prime; _module_preset=\u00a0\u00bbdefault\u00a0\u00bb border_color_all_hotspot=\u00a0\u00bbRGBA(255,255,255,0)\u00a0\u00bb global_colors_info=\u00a0\u00bb{}\u00a0\u00bb theme_builder_area=\u00a0\u00bbpost_content\u00a0\u00bb][dsm_image_hotspots_child icon_color=\u00a0\u00bb#c3444a\u00a0\u00bb left_position=\u00a0\u00bb6%\u00a0\u00bb top_position=\u00a0\u00bb2%\u00a0\u00bb _builder_version=\u00a0\u00bb4.27.5&Prime; _module_preset=\u00a0\u00bbdefault\u00a0\u00bb background_enable_color=\u00a0\u00bboff\u00a0\u00bb link_option_url=\u00a0\u00bbhttps:\/\/lescheminsdumontsaintmichel.com\/les-chemins\/pilgrim-trail\/\u00a0\u00bb border_color_all_hotspot=\u00a0\u00bbRGBA(255,255,255,0)\u00a0\u00bb global_colors_info=\u00a0\u00bb{}\u00a0\u00bb theme_builder_area=\u00a0\u00bbpost_content\u00a0\u00bb]<p><strong data-start=\"120\" data-end=\"137\">Pilgrim Trail<\/strong><br data-start=\"137\" data-end=\"140\" \/>Chemin historique commen\u00e7ant \u00e0 la cath\u00e9drale de Winchester en Angleterre et traversant la campagne anglaise jusqu\u2019\u00e0 Cherbourg. Il relie ensuite la Normandie au Mont, marquant une ancienne voie de p\u00e8lerinage transmanche<\/p>[\/dsm_image_hotspots_child][dsm_image_hotspots_child icon_color=\u00a0\u00bb#c3444a\u00a0\u00bb left_position=\u00a0\u00bb6%\u00a0\u00bb top_position=\u00a0\u00bb21%\u00a0\u00bb _builder_version=\u00a0\u00bb4.27.5&Prime; _module_preset=\u00a0\u00bbdefault\u00a0\u00bb background_enable_color=\u00a0\u00bboff\u00a0\u00bb link_option_url=\u00a0\u00bbhttps:\/\/lescheminsdumontsaintmichel.com\/les-chemins\/chemin-de-cherbourg\/\u00a0\u00bb border_color_all_hotspot=\u00a0\u00bb#D6D4C8&Prime; global_colors_info=\u00a0\u00bb{}\u00a0\u00bb theme_builder_area=\u00a0\u00bbpost_content\u00a0\u00bb]<p><strong data-start=\"402\" data-end=\"425\">Chemin de Cherbourg<\/strong><br data-start=\"425\" data-end=\"428\" \/>Itin\u00e9raire c\u00f4tier normand passant par Lessay, Coutances et Granville jusqu\u2019\u00e0 la baie du Mont. Il offre une progression alternant paysages littoraux et patrimoine historique.<\/p>[\/dsm_image_hotspots_child][dsm_image_hotspots_child icon_color=\u00a0\u00bb#c3444a\u00a0\u00bb left_position=\u00a0\u00bb13%\u00a0\u00bb top_position=\u00a0\u00bb21%\u00a0\u00bb _builder_version=\u00a0\u00bb4.27.5&Prime; _module_preset=\u00a0\u00bbdefault\u00a0\u00bb background_enable_color=\u00a0\u00bboff\u00a0\u00bb link_option_url=\u00a0\u00bbhttps:\/\/lescheminsdumontsaintmichel.com\/les-chemins\/chemin-de-barfleur\/\u00a0\u00bb border_color_all_hotspot=\u00a0\u00bb#D6D4C8&Prime; global_colors_info=\u00a0\u00bb{}\u00a0\u00bb theme_builder_area=\u00a0\u00bbpost_content\u00a0\u00bb]<p><strong data-start=\"644\" data-end=\"666\">Chemin de Barfleur<\/strong><br data-start=\"666\" data-end=\"669\" \/>D\u00e9bute au port de Barfleur pour s\u2019enfoncer dans l\u2019arri\u00e8re-pays du Cotentin. Le parcours met en valeur sites naturels m\u00e9connus et richesses historiques du d\u00e9partement.<\/p>[\/dsm_image_hotspots_child][dsm_image_hotspots_child icon_color=\u00a0\u00bb#c3444a\u00a0\u00bb left_position=\u00a0\u00bb21%\u00a0\u00bb top_position=\u00a0\u00bb29%\u00a0\u00bb _builder_version=\u00a0\u00bb4.27.5&Prime; _module_preset=\u00a0\u00bbdefault\u00a0\u00bb background_enable_color=\u00a0\u00bboff\u00a0\u00bb link_option_url=\u00a0\u00bbhttps:\/\/lescheminsdumontsaintmichel.com\/les-chemins\/chemin-de-caen-ouistreham\/\u00a0\u00bb border_color_all_hotspot=\u00a0\u00bb#D6D4C8&Prime; global_colors_info=\u00a0\u00bb{}\u00a0\u00bb theme_builder_area=\u00a0\u00bbpost_content\u00a0\u00bb]<p><strong data-start=\"878\" data-end=\"907\">Chemin de Caen Ouistreham<\/strong><br data-start=\"907\" data-end=\"910\" \/>Parcourt l\u2019ancienne voie romaine de Vieux \u00e0 Avranches utilis\u00e9e par les p\u00e8lerins depuis avant l\u2019an Mil. Il relie les paysages du Calvados aux vall\u00e9es normandes en direction du Mont.<\/p>[\/dsm_image_hotspots_child][dsm_image_hotspots_child icon_color=\u00a0\u00bb#c3444a\u00a0\u00bb left_position=\u00a0\u00bb46%\u00a0\u00bb top_position=\u00a0\u00bb21%\u00a0\u00bb _builder_version=\u00a0\u00bb4.27.5&Prime; _module_preset=\u00a0\u00bbdefault\u00a0\u00bb background_enable_color=\u00a0\u00bboff\u00a0\u00bb link_option_url=\u00a0\u00bbhttps:\/\/lescheminsdumontsaintmichel.com\/les-chemins\/chemin-damiens\/\u00a0\u00bb border_color_all_hotspot=\u00a0\u00bb#D6D4C8&Prime; global_colors_info=\u00a0\u00bb{}\u00a0\u00bb theme_builder_area=\u00a0\u00bbpost_content\u00a0\u00bb]<p><strong data-start=\"1133\" data-end=\"1152\">Chemin d\u2019Amiens<\/strong><br data-start=\"1152\" data-end=\"1155\" \/>Part de la cath\u00e9drale d\u2019Amiens, inscrite au patrimoine mondial, pour traverser les plaines picardes. Il rejoint Rouen en traversant les vallons du pays de Bray.<\/p>[\/dsm_image_hotspots_child][dsm_image_hotspots_child icon_color=\u00a0\u00bb#c3444a\u00a0\u00bb left_position=\u00a0\u00bb35%\u00a0\u00bb top_position=\u00a0\u00bb27%\u00a0\u00bb _builder_version=\u00a0\u00bb4.27.5&Prime; _module_preset=\u00a0\u00bbdefault\u00a0\u00bb background_enable_color=\u00a0\u00bboff\u00a0\u00bb link_option_url=\u00a0\u00bbhttps:\/\/lescheminsdumontsaintmichel.com\/les-chemins\/chemin-de-rouen\/\u00a0\u00bb border_color_all_hotspot=\u00a0\u00bb#D6D4C8&Prime; global_colors_info=\u00a0\u00bb{}\u00a0\u00bb theme_builder_area=\u00a0\u00bbpost_content\u00a0\u00bb]<p><strong data-start=\"1358\" data-end=\"1377\">Chemin de Rouen<\/strong><br data-start=\"1377\" data-end=\"1380\" \/>S\u2019\u00e9tend \u00e0 travers cinq d\u00e9partements normands de la cath\u00e9drale de Rouen au ch\u00e2teau de Falaise. Ce chemin relie grandes villes et campagnes vari\u00e9es avant d\u2019atteindre les itin\u00e9raires vers le Mont<\/p>[\/dsm_image_hotspots_child][dsm_image_hotspots_child icon_color=\u00a0\u00bb#c3444a\u00a0\u00bb left_position=\u00a0\u00bb44%\u00a0\u00bb top_position=\u00a0\u00bb34%\u00a0\u00bb _builder_version=\u00a0\u00bb4.27.5&Prime; _module_preset=\u00a0\u00bbdefault\u00a0\u00bb background_enable_color=\u00a0\u00bboff\u00a0\u00bb link_option_url=\u00a0\u00bbhttps:\/\/lescheminsdumontsaintmichel.com\/chemin-de-paris\/\u00a0\u00bb border_color_all_hotspot=\u00a0\u00bb#D6D4C8&Prime; global_colors_info=\u00a0\u00bb{}\u00a0\u00bb theme_builder_area=\u00a0\u00bbpost_content\u00a0\u00bb]<p><strong data-start=\"1616\" data-end=\"1635\">Chemin de Paris<\/strong><br data-start=\"1635\" data-end=\"1638\" \/>Part de la capitale pour rejoindre le r\u00e9seau des chemins normands vers le Mont. Il combine sections urbaines puis rurales avant d\u2019int\u00e9grer les grandes voies historiques.<\/p>[\/dsm_image_hotspots_child][dsm_image_hotspots_child icon_color=\u00a0\u00bb#c3444a\u00a0\u00bb left_position=\u00a0\u00bb44%\u00a0\u00bb top_position=\u00a0\u00bb46%\u00a0\u00bb _builder_version=\u00a0\u00bb4.27.5&Prime; _module_preset=\u00a0\u00bbdefault\u00a0\u00bb background_enable_color=\u00a0\u00bboff\u00a0\u00bb link_option_url=\u00a0\u00bbhttps:\/\/lescheminsdumontsaintmichel.com\/les-chemins\/chemin-dorleans-chartres\/\u00a0\u00bb border_color_all_hotspot=\u00a0\u00bb#D6D4C8&Prime; global_colors_info=\u00a0\u00bb{}\u00a0\u00bb theme_builder_area=\u00a0\u00bbpost_content\u00a0\u00bb]<p><strong data-start=\"1850\" data-end=\"1879\">Chemin d\u2019Orl\u00e9ans Chartres<\/strong><br data-start=\"1879\" data-end=\"1882\" \/>Relie la vall\u00e9e de la Loire \u00e0 la Normandie en passant par la cath\u00e9drale de Chartres. Ce trajet traverse Le Perche, les for\u00eats ornaises et le Mortainais.<\/p>[\/dsm_image_hotspots_child][dsm_image_hotspots_child icon_color=\u00a0\u00bb#c3444a\u00a0\u00bb left_position=\u00a0\u00bb88%\u00a0\u00bb top_position=\u00a0\u00bb89%\u00a0\u00bb _builder_version=\u00a0\u00bb4.27.5&Prime; _module_preset=\u00a0\u00bbdefault\u00a0\u00bb background_enable_color=\u00a0\u00bboff\u00a0\u00bb link_option_url=\u00a0\u00bbhttps:\/\/lescheminsdumontsaintmichel.com\/les-chemins\/chemin-du-monte-gargano\/\u00a0\u00bb border_color_all_hotspot=\u00a0\u00bb#D6D4C8&Prime; global_colors_info=\u00a0\u00bb{}\u00a0\u00bb theme_builder_area=\u00a0\u00bbpost_content\u00a0\u00bb]<p><strong data-start=\"2077\" data-end=\"2104\">Chemin du Monte Gargano<\/strong><br data-start=\"2104\" data-end=\"2107\" \/>Parcourt l\u2019Italie depuis le sanctuaire de Monte Sant\u2019Angelo jusqu\u2019\u00e0 la France. Il constitue l\u2019un des plus longs chemins traditionnels de p\u00e8lerinage vers le Mont.<\/p>[\/dsm_image_hotspots_child][dsm_image_hotspots_child icon_color=\u00a0\u00bb#c3444a\u00a0\u00bb left_position=\u00a0\u00bb28%\u00a0\u00bb top_position=\u00a0\u00bb55%\u00a0\u00bb _builder_version=\u00a0\u00bb4.27.5&Prime; _module_preset=\u00a0\u00bbdefault\u00a0\u00bb background_enable_color=\u00a0\u00bboff\u00a0\u00bb link_option_url=\u00a0\u00bbhttps:\/\/lescheminsdumontsaintmichel.com\/les-chemins\/chemin-de-tours\/\u00a0\u00bb border_color_all_hotspot=\u00a0\u00bb#D6D4C8&Prime; global_colors_info=\u00a0\u00bb{}\u00a0\u00bb theme_builder_area=\u00a0\u00bbpost_content\u00a0\u00bb]<p><strong data-start=\"2312\" data-end=\"2331\">Chemin de Tours<\/strong><br data-start=\"2331\" data-end=\"2334\" \/>Connu sous le nom de \u00ab Grand Chemin montois \u00bb, part de Tours via Le Mans et Mayenne. L\u2019itin\u00e9raire balis\u00e9 s\u2019\u00e9tend dans les Alpes mancelles en direction du Mont.<\/p>[\/dsm_image_hotspots_child][dsm_image_hotspots_child icon_color=\u00a0\u00bb#c3444a\u00a0\u00bb left_position=\u00a0\u00bb17%\u00a0\u00bb top_position=\u00a0\u00bb55%\u00a0\u00bb _builder_version=\u00a0\u00bb4.27.5&Prime; _module_preset=\u00a0\u00bbdefault\u00a0\u00bb background_enable_color=\u00a0\u00bboff\u00a0\u00bb link_option_url=\u00a0\u00bbhttps:\/\/lescheminsdumontsaintmichel.com\/les-chemins\/voie-des-plantagenet\/\u00a0\u00bb border_color_all_hotspot=\u00a0\u00bb#D6D4C8&Prime; global_colors_info=\u00a0\u00bb{}\u00a0\u00bb theme_builder_area=\u00a0\u00bbpost_content\u00a0\u00bb]<p><strong data-start=\"2537\" data-end=\"2561\">Voie des Plantagen\u00eat<\/strong><br data-start=\"2561\" data-end=\"2564\" \/>Itin\u00e9raire europ\u00e9en balis\u00e9 qui relie plusieurs r\u00e9gions de France vers le Mont ou Saint-Jacques-de-Compostelle. Il illustre l\u2019ancienne coop\u00e9ration entre r\u00e9seaux historiques de p\u00e8lerinage.<\/p>[\/dsm_image_hotspots_child][dsm_image_hotspots_child icon_color=\u00a0\u00bb#c3444a\u00a0\u00bb left_position=\u00a0\u00bb14%\u00a0\u00bb top_position=\u00a0\u00bb92%\u00a0\u00bb _builder_version=\u00a0\u00bb4.27.5&Prime; _module_preset=\u00a0\u00bbdefault\u00a0\u00bb background_enable_color=\u00a0\u00bboff\u00a0\u00bb link_option_url=\u00a0\u00bbhttps:\/\/lescheminsdumontsaintmichel.com\/les-chemins\/chemin-de-latlantique\/\u00a0\u00bb border_color_all_hotspot=\u00a0\u00bb#D6D4C8&Prime; global_colors_info=\u00a0\u00bb{}\u00a0\u00bb theme_builder_area=\u00a0\u00bbpost_content\u00a0\u00bb]<p><strong data-start=\"2796\" data-end=\"2822\">Chemin de l\u2019Atlantique<\/strong><br data-start=\"2822\" data-end=\"2825\" \/>Chemin \u00ab partag\u00e9 \u00bb qui relie Bordeaux aux grands itin\u00e9raires vers le Mont ou Compostelle. Il met en lien territoires atlantiques et voies religieuses historiques.<\/p>[\/dsm_image_hotspots_child][dsm_image_hotspots_child icon_color=\u00a0\u00bb#c3444a\u00a0\u00bb left_position=\u00a0\u00bb2%\u00a0\u00bb top_position=\u00a0\u00bb35%\u00a0\u00bb _builder_version=\u00a0\u00bb4.27.5&Prime; _module_preset=\u00a0\u00bbdefault\u00a0\u00bb background_enable_color=\u00a0\u00bboff\u00a0\u00bb link_option_url=\u00a0\u00bbhttps:\/\/lescheminsdumontsaintmichel.com\/les-chemins\/chemin-de-saint-malo\/\u00a0\u00bb border_color_all_hotspot=\u00a0\u00bb#D6D4C8&Prime; global_colors_info=\u00a0\u00bb{}\u00a0\u00bb theme_builder_area=\u00a0\u00bbpost_content\u00a0\u00bb]<p><strong data-start=\"3033\" data-end=\"3057\">Chemin de Saint-Malo<\/strong><br data-start=\"3057\" data-end=\"3060\" \/>D\u00e9bute \u00e0 Saint-Malo pour traverser la Bretagne puis rejoindre les itin\u00e9raires normands vers le Mont. Il allie patrimoine maritime breton et chemins de p\u00e8lerinage.<\/p>[\/dsm_image_hotspots_child][\/dsm_image_hotspots][\/et_pb_column][\/et_pb_row][\/et_pb_section][et_pb_section fb_built=\u00a0\u00bb1&Prime; fullwidth=\u00a0\u00bbon\u00a0\u00bb _builder_version=\u00a0\u00bb4.27.5&Prime; _module_preset=\u00a0\u00bbdefault\u00a0\u00bb hover_enabled=\u00a0\u00bb0&Prime; global_colors_info=\u00a0\u00bb{}\u00a0\u00bb disabled_on=\u00a0\u00bbon|on|on\u00a0\u00bb disabled=\u00a0\u00bbon\u00a0\u00bb sticky_enabled=\u00a0\u00bb0&Prime;][et_pb_fullwidth_image src=\u00a0\u00bbhttps:\/\/lescheminsdumontsaintmichel.com\/wp-content\/uploads\/2025\/01\/CarteFrance_CheminsduMont_v2025-DEFINITIVE-page-001-scaled.jpg\u00a0\u00bb title_text=\u00a0\u00bbCarteFrance_CheminsduMont_v2025 DEFINITIVE-page-001&Prime; _builder_version=\u00a0\u00bb4.27.4&Prime; _module_preset=\u00a0\u00bbdefault\u00a0\u00bb background_enable_image=\u00a0\u00bboff\u00a0\u00bb global_colors_info=\u00a0\u00bb{}\u00a0\u00bb][\/et_pb_fullwidth_image][\/et_pb_section][et_pb_section fb_built=\u00a0\u00bb1&Prime; _builder_version=\u00a0\u00bb4.27.2&Prime; _module_preset=\u00a0\u00bbdefault\u00a0\u00bb global_colors_info=\u00a0\u00bb{}\u00a0\u00bb][et_pb_row _builder_version=\u00a0\u00bb4.27.2&Prime; _module_preset=\u00a0\u00bbdefault\u00a0\u00bb global_colors_info=\u00a0\u00bb{}\u00a0\u00bb][et_pb_column type=\u00a0\u00bb4_4&Prime; _builder_version=\u00a0\u00bb4.27.0&Prime; _module_preset=\u00a0\u00bbdefault\u00a0\u00bb global_colors_info=\u00a0\u00bb{}\u00a0\u00bb][et_pb_text _builder_version=\u00a0\u00bb4.27.4&Prime; _module_preset=\u00a0\u00bbdefault\u00a0\u00bb custom_padding=\u00a0\u00bb0px|||||\u00a0\u00bb global_colors_info=\u00a0\u00bb{}\u00a0\u00bb]<h2>Sur les Chemins du Mont<\/h2>[\/et_pb_text][dsm_menu menu_id=\u00a0\u00bb10&Prime; _builder_version=\u00a0\u00bb4.27.2&Prime; _module_preset=\u00a0\u00bbdefault\u00a0\u00bb header_level=\u00a0\u00bbh1&Prime; header_font=\u00a0\u00bb|600||on|||||\u00a0\u00bb header_font_size=\u00a0\u00bb25px\u00a0\u00bb global_colors_info=\u00a0\u00bb{}\u00a0\u00bb][\/dsm_menu][\/et_pb_column][\/et_pb_row][\/et_pb_section][et_pb_section fb_built=\u00a0\u00bb1&Prime; _builder_version=\u00a0\u00bb4.27.0&Prime; _module_preset=\u00a0\u00bbdefault\u00a0\u00bb background_color=\u00a0\u00bb#D6D4C8&Prime; global_colors_info=\u00a0\u00bb{}\u00a0\u00bb][et_pb_row _builder_version=\u00a0\u00bb4.27.0&Prime; _module_preset=\u00a0\u00bbdefault\u00a0\u00bb global_colors_info=\u00a0\u00bb{}\u00a0\u00bb][et_pb_column type=\u00a0\u00bb4_4&Prime; _builder_version=\u00a0\u00bb4.27.0&Prime; _module_preset=\u00a0\u00bbdefault\u00a0\u00bb global_colors_info=\u00a0\u00bb{}\u00a0\u00bb][et_pb_text _builder_version=\u00a0\u00bb4.27.0&Prime; _module_preset=\u00a0\u00bbdefault\u00a0\u00bb custom_padding=\u00a0\u00bb0px|||||\u00a0\u00bb global_colors_info=\u00a0\u00bb{}\u00a0\u00bb]<h2>Agenda<\/h2>[\/et_pb_text][et_pb_blog fullwidth=\u00a0\u00bboff\u00a0\u00bb posts_number=\u00a0\u00bb3&Prime; include_categories=\u00a0\u00bb11&Prime; show_author=\u00a0\u00bboff\u00a0\u00bb show_date=\u00a0\u00bboff\u00a0\u00bb show_categories=\u00a0\u00bboff\u00a0\u00bb show_excerpt=\u00a0\u00bboff\u00a0\u00bb _builder_version=\u00a0\u00bb4.27.2&Prime; _module_preset=\u00a0\u00bbdefault\u00a0\u00bb global_colors_info=\u00a0\u00bb{}\u00a0\u00bb][\/et_pb_blog][\/et_pb_column][\/et_pb_row][et_pb_row _builder_version=\u00a0\u00bb4.27.0&Prime; _module_preset=\u00a0\u00bbdefault\u00a0\u00bb global_colors_info=\u00a0\u00bb{}\u00a0\u00bb][et_pb_column type=\u00a0\u00bb4_4&Prime; _builder_version=\u00a0\u00bb4.27.0&Prime; _module_preset=\u00a0\u00bbdefault\u00a0\u00bb global_colors_info=\u00a0\u00bb{}\u00a0\u00bb][et_pb_text _builder_version=\u00a0\u00bb4.27.2&Prime; _module_preset=\u00a0\u00bbdefault\u00a0\u00bb custom_padding=\u00a0\u00bb0px|||||\u00a0\u00bb global_colors_info=\u00a0\u00bb{}\u00a0\u00bb]<h2>Nouveaut\u00e9s<\/h2>[\/et_pb_text][et_pb_blog fullwidth=\u00a0\u00bboff\u00a0\u00bb posts_number=\u00a0\u00bb3&Prime; include_categories=\u00a0\u00bb12&Prime; show_author=\u00a0\u00bboff\u00a0\u00bb show_date=\u00a0\u00bboff\u00a0\u00bb show_categories=\u00a0\u00bboff\u00a0\u00bb show_excerpt=\u00a0\u00bboff\u00a0\u00bb _builder_version=\u00a0\u00bb4.27.2&Prime; _module_preset=\u00a0\u00bbdefault\u00a0\u00bb global_colors_info=\u00a0\u00bb{}\u00a0\u00bb][\/et_pb_blog][\/et_pb_column][\/et_pb_row][et_pb_row _builder_version=\u00a0\u00bb4.27.0&Prime; _module_preset=\u00a0\u00bbdefault\u00a0\u00bb global_colors_info=\u00a0\u00bb{}\u00a0\u00bb][et_pb_column type=\u00a0\u00bb4_4&Prime; _builder_version=\u00a0\u00bb4.27.0&Prime; _module_preset=\u00a0\u00bbdefault\u00a0\u00bb global_colors_info=\u00a0\u00bb{}\u00a0\u00bb][et_pb_text _builder_version=\u00a0\u00bb4.27.2&Prime; _module_preset=\u00a0\u00bbdefault\u00a0\u00bb custom_padding=\u00a0\u00bb0px|||||\u00a0\u00bb global_colors_info=\u00a0\u00bb{}\u00a0\u00bb]<h2>Publications<\/h2>[\/et_pb_text][et_pb_blog fullwidth=\u00a0\u00bboff\u00a0\u00bb posts_number=\u00a0\u00bb3&Prime; include_categories=\u00a0\u00bb13&Prime; show_author=\u00a0\u00bboff\u00a0\u00bb show_date=\u00a0\u00bboff\u00a0\u00bb show_categories=\u00a0\u00bboff\u00a0\u00bb show_excerpt=\u00a0\u00bboff\u00a0\u00bb _builder_version=\u00a0\u00bb4.27.2&Prime; _module_preset=\u00a0\u00bbdefault\u00a0\u00bb global_colors_info=\u00a0\u00bb{}\u00a0\u00bb][\/et_pb_blog][\/et_pb_column][\/et_pb_row][\/et_pb_section][et_pb_section fb_built=\u00a0\u00bb1&Prime; _builder_version=\u00a0\u00bb4.27.0&Prime; _module_preset=\u00a0\u00bbdefault\u00a0\u00bb background_color=\u00a0\u00bb#FFFFFF\u00a0\u00bb global_colors_info=\u00a0\u00bb{}\u00a0\u00bb][et_pb_row column_structure=\u00a0\u00bb1_2,1_2&Prime; _builder_version=\u00a0\u00bb4.27.0&Prime; _module_preset=\u00a0\u00bbdefault\u00a0\u00bb global_colors_info=\u00a0\u00bb{}\u00a0\u00bb][et_pb_column type=\u00a0\u00bb1_2&Prime; _builder_version=\u00a0\u00bb4.27.0&Prime; _module_preset=\u00a0\u00bbdefault\u00a0\u00bb global_colors_info=\u00a0\u00bb{}\u00a0\u00bb][et_pb_image src=\u00a0\u00bbhttps:\/\/lescheminsdumontsaintmichel.com\/wp-content\/uploads\/2024\/10\/Histoire.jpg\u00a0\u00bb title_text=\u00a0\u00bbHistoire\u00a0\u00bb _builder_version=\u00a0\u00bb4.27.2&Prime; _module_preset=\u00a0\u00bbdefault\u00a0\u00bb global_colors_info=\u00a0\u00bb{}\u00a0\u00bb][\/et_pb_image][\/et_pb_column][et_pb_column type=\u00a0\u00bb1_2&Prime; _builder_version=\u00a0\u00bb4.27.0&Prime; _module_preset=\u00a0\u00bbdefault\u00a0\u00bb global_colors_info=\u00a0\u00bb{}\u00a0\u00bb][et_pb_text _builder_version=\u00a0\u00bb4.27.0&Prime; _module_preset=\u00a0\u00bbdefault\u00a0\u00bb global_colors_info=\u00a0\u00bb{}\u00a0\u00bb]<h2>Parcourir les chemins du<br \/>Mont-Saint-Michel<\/h2>\n<p>Le p\u00e8lerinage a \u00e9t\u00e9 accompli par la plupart des rois de France jusqu\u2019\u00e0 la fin du XVIe si\u00e8cle, dont Saint Louis, Philippe-le-Bel, Louis XI et Fran\u00e7ois Ier, et par les plus grands du Royaume. Mais il \u00e9tait surtout le fait des personnes de condition modeste et des enfants.<\/p>\n<p>La fin du XIXe si\u00e8cle vit avec la restauration de l\u2019abbaye class\u00e9e Monument historique, le retour du culte et des p\u00e8lerinages \u00e0 saint Michel. Devenue un haut lieu du tourisme, la demeure de l\u2019Archange attire chaque ann\u00e9e des millions de visiteurs.<\/p>[\/et_pb_text][et_pb_button button_url=\u00a0\u00bb@ET-DC@eyJkeW5hbWljIjp0cnVlLCJjb250ZW50IjoicG9zdF9saW5rX3VybF9wYWdlIiwic2V0dGluZ3MiOnsicG9zdF9pZCI6IjU2OSJ9fQ==@\u00a0\u00bb button_text=\u00a0\u00bbHistoire\u00a0\u00bb _builder_version=\u00a0\u00bb4.27.0&Prime; _dynamic_attributes=\u00a0\u00bbbutton_url\u00a0\u00bb _module_preset=\u00a0\u00bbdefault\u00a0\u00bb global_colors_info=\u00a0\u00bb{}\u00a0\u00bb][\/et_pb_button][\/et_pb_column][\/et_pb_row][\/et_pb_section][et_pb_section fb_built=\u00a0\u00bb1&Prime; _builder_version=\u00a0\u00bb4.27.0&Prime; _module_preset=\u00a0\u00bbdefault\u00a0\u00bb background_color=\u00a0\u00bb#FFFFFF\u00a0\u00bb global_colors_info=\u00a0\u00bb{}\u00a0\u00bb][et_pb_row column_structure=\u00a0\u00bb1_2,1_2&Prime; _builder_version=\u00a0\u00bb4.27.0&Prime; _module_preset=\u00a0\u00bbdefault\u00a0\u00bb global_colors_info=\u00a0\u00bb{}\u00a0\u00bb][et_pb_column type=\u00a0\u00bb1_2&Prime; _builder_version=\u00a0\u00bb4.27.0&Prime; _module_preset=\u00a0\u00bbdefault\u00a0\u00bb global_colors_info=\u00a0\u00bb{}\u00a0\u00bb][et_pb_image src=\u00a0\u00bbhttps:\/\/lescheminsdumontsaintmichel.com\/wp-content\/uploads\/2024\/10\/Saint-Jean-le-Thomas-Vers-le-Mont-2.jpg\u00a0\u00bb title_text=\u00a0\u00bbSaint-Jean-le-Thomas &#8211; Vers le Mont (2)\u00a0\u00bb _builder_version=\u00a0\u00bb4.27.2&Prime; _module_preset=\u00a0\u00bbdefault\u00a0\u00bb global_colors_info=\u00a0\u00bb{}\u00a0\u00bb][\/et_pb_image][\/et_pb_column][et_pb_column type=\u00a0\u00bb1_2&Prime; _builder_version=\u00a0\u00bb4.27.0&Prime; _module_preset=\u00a0\u00bbdefault\u00a0\u00bb global_colors_info=\u00a0\u00bb{}\u00a0\u00bb][et_pb_text _builder_version=\u00a0\u00bb4.27.0&Prime; _module_preset=\u00a0\u00bbdefault\u00a0\u00bb global_colors_info=\u00a0\u00bb{}\u00a0\u00bb]<h2>Vos t\u00e9moignages<\/h2>\n<p>Vos t\u00e9moignages nous int\u00e9ressent et nous sommes d\u00e9sireux de vous faire partager vos r\u00e9actions, vos commentaires. Afin d\u2019y apporter toute notre attention, cliquez sur t\u00e9moignages.<\/p>[\/et_pb_text][et_pb_button button_url=\u00a0\u00bb@ET-DC@eyJkeW5hbWljIjp0cnVlLCJjb250ZW50IjoicG9zdF9saW5rX3VybF9wYWdlIiwic2V0dGluZ3MiOnsicG9zdF9pZCI6IjYyMCJ9fQ==@\u00a0\u00bb button_text=\u00a0\u00bbT\u00e9moignages\u00a0\u00bb _builder_version=\u00a0\u00bb4.27.0&Prime; _dynamic_attributes=\u00a0\u00bbbutton_url\u00a0\u00bb _module_preset=\u00a0\u00bbdefault\u00a0\u00bb global_colors_info=\u00a0\u00bb{}\u00a0\u00bb][\/et_pb_button][\/et_pb_column][\/et_pb_row][\/et_pb_section][et_pb_section fb_built=\u00a0\u00bb1&Prime; _builder_version=\u00a0\u00bb4.27.4&Prime; _module_preset=\u00a0\u00bbdefault\u00a0\u00bb global_colors_info=\u00a0\u00bb{}\u00a0\u00bb][et_pb_row _builder_version=\u00a0\u00bb4.27.4&Prime; _module_preset=\u00a0\u00bbdefault\u00a0\u00bb global_colors_info=\u00a0\u00bb{}\u00a0\u00bb][et_pb_column type=\u00a0\u00bb4_4&Prime; _builder_version=\u00a0\u00bb4.27.4&Prime; _module_preset=\u00a0\u00bbdefault\u00a0\u00bb global_colors_info=\u00a0\u00bb{}\u00a0\u00bb][et_pb_text _builder_version=\u00a0\u00bb4.27.4&Prime; _module_preset=\u00a0\u00bbdefault\u00a0\u00bb text_font_size=\u00a0\u00bb20px\u00a0\u00bb text_line_height=\u00a0\u00bb1.8em\u00a0\u00bb text_orientation=\u00a0\u00bbcenter\u00a0\u00bb global_colors_info=\u00a0\u00bb{}\u00a0\u00bb]<h2>Association Les Chemins du Mont-Saint-Michel<\/h2>\n<p>3 rue d&rsquo;Yverdon<br \/>14210 EVRECY<br \/>Mail : <a href=\"mailto:chemins-st-michel@wanadoo.fr\">chemins-st-michel@wanadoo.fr<\/a><br \/>T\u00e9l. : <a href=\"tel:02%2031 24 11 76\">02 31 24 11 76<\/a><\/p>[\/et_pb_text][\/et_pb_column][\/et_pb_row][\/et_pb_section]\n","protected":false},"excerpt":{"rendered":"<p>Les Chemins du Mont-Saint-MichelL\u2019association \u00ab Les Chemins du Mont-Saint-Michel \u00bb, cr\u00e9\u00e9e en 1998, se consacre \u00e0 red\u00e9couvrir, r\u00e9habiliter et valoriser les anciens chemins de p\u00e8lerinage menant au c\u00e9l\u00e8bre sanctuaire normand d\u00e9di\u00e9 \u00e0 l&rsquo;archange saint Michel. Gr\u00e2ce \u00e0 ses recensements, l\u2019association \u00e9tend le r\u00e9seau des chemins de Saint-Michel \u00e0 plusieurs pays europ\u00e9ens et renoue les liens historiques entre le Mont-Saint-Michel et les grands sites europ\u00e9ens consacr\u00e9s \u00e0 l\u2019Archange Michel, en traversant les territoires marqu\u00e9s par ces itin\u00e9raires l\u00e9gendaires.Rechercher un contenu sur le site<div class=\"et_pb_with_border et_pb_module dsm_image_hotspots dsm_image_hotspots_0\">\n\t\t\t\t\n\t\t\t\t\n\t\t\t\t\n\t\t\t\t\n\t\t\t\t\n\t\t\t\t\n\t\t\t\t<div class=\"et_pb_module_inner\">\n\t\t\t\t\t\n\t\t\t\n\t\t\t<div class=\"dsm_image_hotspots_wrap\"  data-dsm-tooltip-animation=\"fade\" data-dsm-hotspot=\"dsm_image_hotspots_0\" data-tippy-delay=\"[50, 50]\" data-tippy-trigger=\"mouseenter\"><div class=\"dsm_image_hotspots_img_wrap\"><img decoding=\"async\" src=\"https:\/\/lescheminsdumontsaintmichel.com\/wp-content\/uploads\/2025\/07\/2025-CarteFrance_CheminsduMont-DEFINITIVE-scaled.jpg\" alt=\"carte\" title=\"\" srcset=\"https:\/\/lescheminsdumontsaintmichel.com\/wp-content\/uploads\/2025\/07\/2025-CarteFrance_CheminsduMont-DEFINITIVE-scaled.jpg 2540w, https:\/\/lescheminsdumontsaintmichel.com\/wp-content\/uploads\/2025\/07\/2025-CarteFrance_CheminsduMont-DEFINITIVE-1280x1290.jpg 1280w, https:\/\/lescheminsdumontsaintmichel.com\/wp-content\/uploads\/2025\/07\/2025-CarteFrance_CheminsduMont-DEFINITIVE-980x988.jpg 980w, https:\/\/lescheminsdumontsaintmichel.com\/wp-content\/uploads\/2025\/07\/2025-CarteFrance_CheminsduMont-DEFINITIVE-480x484.jpg 480w\" sizes=\"(min-width: 0px) and (max-width: 480px) 480px, (min-width: 481px) and (max-width: 980px) 980px, (min-width: 981px) and (max-width: 1280px) 1280px, (min-width: 1281px) 2540px, 100vw\" \/><\/div><\/div>\n\t\t\t\n\t\t\t\t<\/div>\n\t\t\t<\/div><div class=\"et_pb_with_border dsm_image_hotspots_child dsm_image_hotspots_child_0 et_clickable\">\n\t\t\t\t\n\t\t\t\t\n\t\t\t\t\n\t\t\t\t\n\t\t\t\t<div class=\"dsm_image_hotspots_wrapper\" data-tippy-arrow=\"true\" data-tippy-placement=\"top\" data-slug=\"dsm_image_hotspots_child_0\"><span class=\"dsm_image_hotspots_icon et-pb-icon\"><span>\uf005<\/span><\/span><\/div><div class=\"dsm_image_hotspot_tooltip et_pb_bg_layout_dark\"><div class=\"dsm_image_tooltip_content\">Pilgrim TrailChemin historique commen\u00e7ant \u00e0 la cath\u00e9drale de Winchester en Angleterre et traversant la campagne anglaise jusqu\u2019\u00e0 Cherbourg. Il relie ensuite la Normandie au Mont, marquant une ancienne voie de p\u00e8lerinage transmanche<\/div><\/div>\n\t\t\t<\/div><div class=\"et_pb_with_border dsm_image_hotspots_child dsm_image_hotspots_child_1 et_clickable\">\n\t\t\t\t\n\t\t\t\t\n\t\t\t\t\n\t\t\t\t\n\t\t\t\t<div class=\"dsm_image_hotspots_wrapper\" data-tippy-arrow=\"true\" data-tippy-placement=\"top\" data-slug=\"dsm_image_hotspots_child_1\"><span class=\"dsm_image_hotspots_icon et-pb-icon\"><span>\uf005<\/span><\/span><\/div><div class=\"dsm_image_hotspot_tooltip et_pb_bg_layout_dark\"><div class=\"dsm_image_tooltip_content\">Chemin de CherbourgItin\u00e9raire c\u00f4tier normand passant par Lessay, Coutances et Granville jusqu\u2019\u00e0 la baie du Mont. Il offre une progression alternant paysages littoraux et patrimoine historique.<\/div><\/div>\n\t\t\t<\/div><div class=\"et_pb_with_border dsm_image_hotspots_child dsm_image_hotspots_child_2 et_clickable\">\n\t\t\t\t\n\t\t\t\t\n\t\t\t\t\n\t\t\t\t\n\t\t\t\t<div class=\"dsm_image_hotspots_wrapper\" data-tippy-arrow=\"true\" data-tippy-placement=\"top\" data-slug=\"dsm_image_hotspots_child_2\"><span class=\"dsm_image_hotspots_icon et-pb-icon\"><span>\uf005<\/span><\/span><\/div><div class=\"dsm_image_hotspot_tooltip et_pb_bg_layout_dark\"><\/div>\n\t\t\t<\/div>Chemin de BarfleurD\u00e9bute au port de Barfleur pour s\u2019enfoncer dans l\u2019arri\u00e8re-pays du Cotentin. Le parcours met en valeur sites naturels m\u00e9connus et richesses historiques du [&hellip;]<\/p>\n","protected":false},"author":5,"featured_media":0,"parent":0,"menu_order":0,"comment_status":"closed","ping_status":"closed","template":"","meta":{"_et_pb_use_builder":"on","_et_pb_old_content":"","_et_gb_content_width":"","footnotes":""},"class_list":["post-503","page","type-page","status-publish","hentry"],"_links":{"self":[{"href":"https:\/\/lescheminsdumontsaintmichel.com\/de\/wp-json\/wp\/v2\/pages\/503","targetHints":{"allow":["GET"]}}],"collection":[{"href":"https:\/\/lescheminsdumontsaintmichel.com\/de\/wp-json\/wp\/v2\/pages"}],"about":[{"href":"https:\/\/lescheminsdumontsaintmichel.com\/de\/wp-json\/wp\/v2\/types\/page"}],"author":[{"embeddable":true,"href":"https:\/\/lescheminsdumontsaintmichel.com\/de\/wp-json\/wp\/v2\/users\/5"}],"replies":[{"embeddable":true,"href":"https:\/\/lescheminsdumontsaintmichel.com\/de\/wp-json\/wp\/v2\/comments?post=503"}],"version-history":[{"count":37,"href":"https:\/\/lescheminsdumontsaintmichel.com\/de\/wp-json\/wp\/v2\/pages\/503\/revisions"}],"predecessor-version":[{"id":2821,"href":"https:\/\/lescheminsdumontsaintmichel.com\/de\/wp-json\/wp\/v2\/pages\/503\/revisions\/2821"}],"wp:attachment":[{"href":"https:\/\/lescheminsdumontsaintmichel.com\/de\/wp-json\/wp\/v2\/media?parent=503"}],"curies":[{"name":"wp","href":"https:\/\/api.w.org\/{rel}","templated":true}]}}